{"id":2178,"date":"2022-08-19T10:02:50","date_gmt":"2022-08-19T14:02:50","guid":{"rendered":"https:\/\/educacion.udd.cl\/practicas-en-terreno\/?post_type=person&#038;p=2178"},"modified":"2022-08-19T10:24:38","modified_gmt":"2022-08-19T14:24:38","slug":"carla-alvarez","status":"publish","type":"person","link":"https:\/\/educacion.udd.cl\/practicas-en-terreno\/persona\/carla-alvarez\/","featured_media":2179,"template":"","people_tax":[26],"people_areas":[],"people_levels":[],"class_list":["post-2178","person","type-person","status-publish","has-post-thumbnail","hentry","people_tax-equipo-pedagogia-en-educacion-basica-con-menciones"],"yoast_head":"<!-- This site is optimized with the Yoast SEO plugin v26.9 - https:\/\/yoast.com\/product\/yoast-seo-wordpress\/ -->\n<title>Carla \u00c1lvarez Iglesias - Pr\u00e1cticas en terreno | Facultad de Educaci\u00f3n UDD<\/title>\n<meta name=\"robots\" content=\"index, follow, max-snippet:-1, max-image-preview:large, max-video-preview:-1\" \/>\n<link rel=\"canonical\" href=\"https:\/\/educacion.udd.cl\/practicas-en-terreno\/persona\/carla-alvarez\/\" \/>\n<meta property=\"og:locale\" content=\"es_ES\" \/>\n<meta property=\"og:type\" content=\"article\" \/>\n<meta property=\"og:title\" content=\"Carla \u00c1lvarez Iglesias - Pr\u00e1cticas en terreno | Facultad de Educaci\u00f3n UDD\" \/>\n<meta property=\"og:url\" content=\"https:\/\/educacion.udd.cl\/practicas-en-terreno\/persona\/carla-alvarez\/\" \/>\n<meta property=\"og:site_name\" content=\"Pr\u00e1cticas en terreno | Facultad de Educaci\u00f3n UDD\" \/>\n<meta property=\"article:modified_time\" content=\"2022-08-19T14:24:38+00:00\" \/>\n<meta property=\"og:image\" content=\"https:\/\/educacion.udd.cl\/practicas-en-terreno\/files\/2022\/08\/image0-2-rotated.jpeg\" \/>\n\t<meta property=\"og:image:width\" content=\"960\" \/>\n\t<meta property=\"og:image:height\" content=\"1280\" \/>\n\t<meta property=\"og:image:type\" content=\"image\/jpeg\" \/>\n<meta name=\"twitter:card\" content=\"summary_large_image\" \/>\n<script type=\"application\/ld+json\" class=\"yoast-schema-graph\">{\"@context\":\"https:\/\/schema.org\",\"@graph\":[{\"@type\":\"WebPage\",\"@id\":\"https:\/\/educacion.udd.cl\/practicas-en-terreno\/persona\/carla-alvarez\/\",\"url\":\"https:\/\/educacion.udd.cl\/practicas-en-terreno\/persona\/carla-alvarez\/\",\"name\":\"Carla \u00c1lvarez Iglesias - Pr\u00e1cticas en terreno | Facultad de Educaci\u00f3n UDD\",\"isPartOf\":{\"@id\":\"https:\/\/educacion.udd.cl\/practicas-en-terreno\/#website\"},\"primaryImageOfPage\":{\"@id\":\"https:\/\/educacion.udd.cl\/practicas-en-terreno\/persona\/carla-alvarez\/#primaryimage\"},\"image\":{\"@id\":\"https:\/\/educacion.udd.cl\/practicas-en-terreno\/persona\/carla-alvarez\/#primaryimage\"},\"thumbnailUrl\":\"https:\/\/educacion.udd.cl\/practicas-en-terreno\/files\/2022\/08\/image0-2-rotated.jpeg\",\"datePublished\":\"2022-08-19T14:02:50+00:00\",\"dateModified\":\"2022-08-19T14:24:38+00:00\",\"breadcrumb\":{\"@id\":\"https:\/\/educacion.udd.cl\/practicas-en-terreno\/persona\/carla-alvarez\/#breadcrumb\"},\"inLanguage\":\"es\",\"potentialAction\":[{\"@type\":\"ReadAction\",\"target\":[\"https:\/\/educacion.udd.cl\/practicas-en-terreno\/persona\/carla-alvarez\/\"]}]},{\"@type\":\"ImageObject\",\"inLanguage\":\"es\",\"@id\":\"https:\/\/educacion.udd.cl\/practicas-en-terreno\/persona\/carla-alvarez\/#primaryimage\",\"url\":\"https:\/\/educacion.udd.cl\/practicas-en-terreno\/files\/2022\/08\/image0-2-rotated.jpeg\",\"contentUrl\":\"https:\/\/educacion.udd.cl\/practicas-en-terreno\/files\/2022\/08\/image0-2-rotated.jpeg\",\"width\":960,\"height\":1280},{\"@type\":\"BreadcrumbList\",\"@id\":\"https:\/\/educacion.udd.cl\/practicas-en-terreno\/persona\/carla-alvarez\/#breadcrumb\",\"itemListElement\":[{\"@type\":\"ListItem\",\"position\":1,\"name\":\"Portada\",\"item\":\"https:\/\/educacion.udd.cl\/practicas-en-terreno\/\"},{\"@type\":\"ListItem\",\"position\":2,\"name\":\"Personas\",\"item\":\"https:\/\/educacion.udd.cl\/practicas-en-terreno\/persona\/\"},{\"@type\":\"ListItem\",\"position\":3,\"name\":\"Carla \u00c1lvarez Iglesias\"}]},{\"@type\":\"WebSite\",\"@id\":\"https:\/\/educacion.udd.cl\/practicas-en-terreno\/#website\",\"url\":\"https:\/\/educacion.udd.cl\/practicas-en-terreno\/\",\"name\":\"Pr\u00e1cticas en terreno | Facultad de Educaci\u00f3n UDD\",\"description\":\"Facultad de Educaci\u00f3n UDD\",\"inLanguage\":\"es\"}]}<\/script>\n<!-- \/ Yoast SEO plugin. -->","yoast_head_json":{"title":"Carla \u00c1lvarez Iglesias - Pr\u00e1cticas en terreno | Facultad de Educaci\u00f3n UDD","robots":{"index":"index","follow":"follow","max-snippet":"max-snippet:-1","max-image-preview":"max-image-preview:large","max-video-preview":"max-video-preview:-1"},"canonical":"https:\/\/educacion.udd.cl\/practicas-en-terreno\/persona\/carla-alvarez\/","og_locale":"es_ES","og_type":"article","og_title":"Carla \u00c1lvarez Iglesias - Pr\u00e1cticas en terreno | Facultad de Educaci\u00f3n UDD","og_url":"https:\/\/educacion.udd.cl\/practicas-en-terreno\/persona\/carla-alvarez\/","og_site_name":"Pr\u00e1cticas en terreno | Facultad de Educaci\u00f3n UDD","article_modified_time":"2022-08-19T14:24:38+00:00","og_image":[{"width":960,"height":1280,"url":"https:\/\/educacion.udd.cl\/practicas-en-terreno\/files\/2022\/08\/image0-2-rotated.jpeg","type":"image\/jpeg"}],"twitter_card":"summary_large_image","schema":{"@context":"https:\/\/schema.org","@graph":[{"@type":"WebPage","@id":"https:\/\/educacion.udd.cl\/practicas-en-terreno\/persona\/carla-alvarez\/","url":"https:\/\/educacion.udd.cl\/practicas-en-terreno\/persona\/carla-alvarez\/","name":"Carla \u00c1lvarez Iglesias - Pr\u00e1cticas en terreno | Facultad de Educaci\u00f3n UDD","isPartOf":{"@id":"https:\/\/educacion.udd.cl\/practicas-en-terreno\/#website"},"primaryImageOfPage":{"@id":"https:\/\/educacion.udd.cl\/practicas-en-terreno\/persona\/carla-alvarez\/#primaryimage"},"image":{"@id":"https:\/\/educacion.udd.cl\/practicas-en-terreno\/persona\/carla-alvarez\/#primaryimage"},"thumbnailUrl":"https:\/\/educacion.udd.cl\/practicas-en-terreno\/files\/2022\/08\/image0-2-rotated.jpeg","datePublished":"2022-08-19T14:02:50+00:00","dateModified":"2022-08-19T14:24:38+00:00","breadcrumb":{"@id":"https:\/\/educacion.udd.cl\/practicas-en-terreno\/persona\/carla-alvarez\/#breadcrumb"},"inLanguage":"es","potentialAction":[{"@type":"ReadAction","target":["https:\/\/educacion.udd.cl\/practicas-en-terreno\/persona\/carla-alvarez\/"]}]},{"@type":"ImageObject","inLanguage":"es","@id":"https:\/\/educacion.udd.cl\/practicas-en-terreno\/persona\/carla-alvarez\/#primaryimage","url":"https:\/\/educacion.udd.cl\/practicas-en-terreno\/files\/2022\/08\/image0-2-rotated.jpeg","contentUrl":"https:\/\/educacion.udd.cl\/practicas-en-terreno\/files\/2022\/08\/image0-2-rotated.jpeg","width":960,"height":1280},{"@type":"BreadcrumbList","@id":"https:\/\/educacion.udd.cl\/practicas-en-terreno\/persona\/carla-alvarez\/#breadcrumb","itemListElement":[{"@type":"ListItem","position":1,"name":"Portada","item":"https:\/\/educacion.udd.cl\/practicas-en-terreno\/"},{"@type":"ListItem","position":2,"name":"Personas","item":"https:\/\/educacion.udd.cl\/practicas-en-terreno\/persona\/"},{"@type":"ListItem","position":3,"name":"Carla \u00c1lvarez Iglesias"}]},{"@type":"WebSite","@id":"https:\/\/educacion.udd.cl\/practicas-en-terreno\/#website","url":"https:\/\/educacion.udd.cl\/practicas-en-terreno\/","name":"Pr\u00e1cticas en terreno | Facultad de Educaci\u00f3n UDD","description":"Facultad de Educaci\u00f3n UDD","inLanguage":"es"}]}},"label":"Carla  \u00c1lvarez Iglesias","title":{"rendered":"Carla  \u00c1lvarez Iglesias"},"role":false,"thumbnail_url":"https:\/\/educacion.udd.cl\/practicas-en-terreno\/files\/2022\/08\/image0-2-500x500.jpeg","email":"","tel_job":"","content":{"rendered":"<div class=\"person-modal person-modal--scl\">\n\t<header class=\"person-modal__header\">\n\t\t<div class=\"person-modal__bg\"><\/div>\n\t\t<div class=\"modal-container\">\n\t\t\t\t\t\t<div class=\"person-modal__media\">\n\t\t\t\t<img width=\"500\" height=\"500\" src=\"https:\/\/educacion.udd.cl\/practicas-en-terreno\/files\/2022\/08\/image0-2-62x62.jpeg\" class=\"person-modal__image wp-post-image lazyload\" alt=\"\" decoding=\"async\" loading=\"lazy\" sizes=\"auto, (max-width: 500px) 100vw, 500px\" data-src=\"https:\/\/educacion.udd.cl\/practicas-en-terreno\/files\/2022\/08\/image0-2-500x500.jpeg\" data-srcset=\"https:\/\/educacion.udd.cl\/practicas-en-terreno\/files\/2022\/08\/image0-2-500x500.jpeg 500w, https:\/\/educacion.udd.cl\/practicas-en-terreno\/files\/2022\/08\/image0-2-150x150.jpeg 150w, https:\/\/educacion.udd.cl\/practicas-en-terreno\/files\/2022\/08\/image0-2-62x62.jpeg 62w, https:\/\/educacion.udd.cl\/practicas-en-terreno\/files\/2022\/08\/image0-2-750x750.jpeg 750w, https:\/\/educacion.udd.cl\/practicas-en-terreno\/files\/2022\/08\/image0-2-250x250.jpeg 250w, https:\/\/educacion.udd.cl\/practicas-en-terreno\/files\/2022\/08\/image0-2-126x126.jpeg 126w\" \/>\t\t\t<\/div>\n\t\t\t\t\t\t<div class=\"person-modal__data\">\n\t\t\t\t<h1 class=\"person-modal__name\">Carla  \u00c1lvarez Iglesias<\/h1>\n\t\t\t\t\t\t\t\t\t\t\t\t\t\t\t<\/div>\n\t\t<\/div>\n\t<\/header>\n\t<div class=\"modal-container\">\n\t\t\t<div class=\"person-modal__content text\">\n\t\t\t\t\t<p>Soy Carla \u00c1lvarez Iglesias, cotutora de Pr\u00e1ctica Inicial de la Carrera Pedagog\u00eda B\u00e1sica con menci\u00f3n en ingl\u00e9s.<\/p>\n<p>Soy Profesora de Ense\u00f1anza Media en Ingl\u00e9s UCSH, Magister en Educaci\u00f3n menci\u00f3n Direcci\u00f3n y Liderazgo Educacional PUC, Diplomada en la Ense\u00f1anza de la lectura y escritura para educaci\u00f3n inicial y primer ciclo de ense\u00f1anza b\u00e1sica PUC y Diplomada en Convivencia Escolar para l\u00edderes educativos UDP.<\/p>\n<p>Soy profesora de ense\u00f1anza media en ingl\u00e9s con 12 a\u00f1os de experiencia laboral. <\/p>\n<p>Tengo 6 a\u00f1os de experiencia como profesora de ingl\u00e9s en colegios p\u00fablicos y privados tales como colegios SIP, Fundaci\u00f3n Bel\u00e9n Educa y Grace College . He trabajado con estudiantes desde PK a IV medio, pero mi mayor expertiz son los cursos de PK a 6\u00b0 b\u00e1sico. Desde el 2016 hasta el a\u00f1o pasado me desempe\u00f1\u00e9 como Coordinadora Acad\u00e9mica de uno de los colegios de la Fundaci\u00f3n Bel\u00e9n Educa. He acompa\u00f1ado  en la sala de clases a profesores novatos y con a\u00f1os de trayectoria  con el fin de desplegarlos en su desarrollo profesional en base a la observaci\u00f3n y retroalimentaci\u00f3n efectiva, instaurando una fuerte cultura escolar con foco en la ense\u00f1anza de calidad. Desde el 2020 a la fecha soy profesora universitaria de la Facultad de Educaci\u00f3n en la Universidad de los Andes en las carreras de Pedagog\u00eda Media en Religi\u00f3n y Pedagog\u00eda B\u00e1sica. Adem\u00e1s, soy tutora de pr\u00e1ctica 3 en la Universidad de O\u00b4Higgins (sede Rancagua) para la Carrera Pedagog\u00eda en Ingl\u00e9s B\u00e1sica y Media.<\/p>\n<p>Mi gran motivaci\u00f3n para ser co-tutora en la UDD es creer firmemente en el acompa\u00f1amiento docente desde la formaci\u00f3n inicial, es decir, en preparar a futuros docentes en diversas \u00e1reas de la gesti\u00f3n de aula y rigor acad\u00e9mico para lograr aprendizajes de calidad en los\/ las estudiantes en contextos simulados y reales, teniendo la posibilidad de realizar intervenciones en distintos establecimientos educativos.<\/p>\n\t\t\t\t\t\t\t\t\t\t\t\t<\/div>\n\t<\/div>\n<\/div>\n"},"identifier":"a64dc299aaa542bc53686a6e88273f6eed38312f","has_credential":[],"given_name":"Carla ","family_name":"\u00c1lvarez Iglesias ","name":"Carla  \u00c1lvarez Iglesias","job_title":"","telephone":"","note":"Soy Carla \u00c1lvarez Iglesias, cotutora de Pr\u00e1ctica Inicial de la Carrera Pedagog\u00eda B\u00e1sica con menci\u00f3n en ingl\u00e9s.\r\n\r\nSoy Profesora de Ense\u00f1anza Media en Ingl\u00e9s UCSH, Magister en Educaci\u00f3n menci\u00f3n Direcci\u00f3n y Liderazgo Educacional PUC, Diplomada en la Ense\u00f1anza de la lectura y escritura para educaci\u00f3n inicial y primer ciclo de ense\u00f1anza b\u00e1sica PUC y Diplomada en Convivencia Escolar para l\u00edderes educativos UDP.\r\n\r\nSoy profesora de ense\u00f1anza media en ingl\u00e9s con 12 a\u00f1os de experiencia laboral. \r\n\r\nTengo 6 a\u00f1os de experiencia como profesora de ingl\u00e9s en colegios p\u00fablicos y privados tales como colegios SIP, Fundaci\u00f3n Bel\u00e9n Educa y Grace College . He trabajado con estudiantes desde PK a IV medio, pero mi mayor expertiz son los cursos de PK a 6\u00b0 b\u00e1sico. Desde el 2016 hasta el a\u00f1o pasado me desempe\u00f1\u00e9 como Coordinadora Acad\u00e9mica de uno de los colegios de la Fundaci\u00f3n Bel\u00e9n Educa. He acompa\u00f1ado  en la sala de clases a profesores novatos y con a\u00f1os de trayectoria  con el fin de desplegarlos en su desarrollo profesional en base a la observaci\u00f3n y retroalimentaci\u00f3n efectiva, instaurando una fuerte cultura escolar con foco en la ense\u00f1anza de calidad. Desde el 2020 a la fecha soy profesora universitaria de la Facultad de Educaci\u00f3n en la Universidad de los Andes en las carreras de Pedagog\u00eda Media en Religi\u00f3n y Pedagog\u00eda B\u00e1sica. Adem\u00e1s, soy tutora de pr\u00e1ctica 3 en la Universidad de O\u00b4Higgins (sede Rancagua) para la Carrera Pedagog\u00eda en Ingl\u00e9s B\u00e1sica y Media.\r\n\r\nMi gran motivaci\u00f3n para ser co-tutora en la UDD es creer firmemente en el acompa\u00f1amiento docente desde la formaci\u00f3n inicial, es decir, en preparar a futuros docentes en diversas \u00e1reas de la gesti\u00f3n de aula y rigor acad\u00e9mico para lograr aprendizajes de calidad en los\/ las estudiantes en contextos simulados y reales, teniendo la posibilidad de realizar intervenciones en distintos establecimientos educativos.","im":"","_self_schedule":null,"_links":{"self":[{"href":"https:\/\/educacion.udd.cl\/practicas-en-terreno\/wp-json\/wp\/v2\/people\/2178","targetHints":{"allow":["GET"]}}],"collection":[{"href":"https:\/\/educacion.udd.cl\/practicas-en-terreno\/wp-json\/wp\/v2\/people"}],"about":[{"href":"https:\/\/educacion.udd.cl\/practicas-en-terreno\/wp-json\/wp\/v2\/types\/person"}],"wp:featuredmedia":[{"embeddable":true,"href":"https:\/\/educacion.udd.cl\/practicas-en-terreno\/wp-json\/wp\/v2\/media\/2179"}],"wp:attachment":[{"href":"https:\/\/educacion.udd.cl\/practicas-en-terreno\/wp-json\/wp\/v2\/media?parent=2178"}],"wp:term":[{"taxonomy":"people_tax","embeddable":true,"href":"https:\/\/educacion.udd.cl\/practicas-en-terreno\/wp-json\/wp\/v2\/people_tax?post=2178"},{"taxonomy":"people_areas","embeddable":true,"href":"https:\/\/educacion.udd.cl\/practicas-en-terreno\/wp-json\/wp\/v2\/people_areas?post=2178"},{"taxonomy":"people_levels","embeddable":true,"href":"https:\/\/educacion.udd.cl\/practicas-en-terreno\/wp-json\/wp\/v2\/people_levels?post=2178"}],"curies":[{"name":"wp","href":"https:\/\/api.w.org\/{rel}","templated":true}]}}