{"id":1353,"date":"2022-04-07T12:40:00","date_gmt":"2022-04-07T16:40:00","guid":{"rendered":"https:\/\/educacion.udd.cl\/practicas-en-terreno\/?page_id=1353"},"modified":"2022-04-07T13:04:40","modified_gmt":"2022-04-07T17:04:40","slug":"educacion-en-terreno","status":"publish","type":"page","link":"https:\/\/educacion.udd.cl\/practicas-en-terreno\/educacion-en-terreno\/","title":{"rendered":"Educaci\u00f3n en Terreno"},"content":{"rendered":"<\/div>\n<div class=\"container\">\n\t<div class=\"news-cards\">\n\t\t\t\t<div class=\"news-card-wrapper\" data-esid=\"3c8de8928e1ea8a3a9b0bde7e457adfc0397a6ef\">\n\t\t\t<div class=\"news-card\">\n\t\t\t\t<div class=\"news-card__media\">\n\t\t\t\t\t<img decoding=\"async\" class=\"news-card__image\" loading=\"lazy\" src=\"https:\/\/educacion.udd.cl\/files\/2023\/11\/slep_educacion-680x382.jpg\" width=\"680\" height=\"382\">\t\t\t\t<\/div>\n\t\t\t\t<div class=\"news-card__inner\">\n\t\t\t\t\t<span class=\"news-card__published\">\n\t\t\t\t\t\t20 noviembre 2023\t\t\t\t\t<\/span>\n\t\t\t\t\t<h3 class=\"news-card__title\">\n\t\t\t\t\t\t<a href=\"https:\/\/educacion.udd.cl\/noticias\/2023\/11\/estudio-revela-que-el-40-de-los-slep-que-se-instalaran-en-los-proximos-tres-anos-presentan-indices-de-alta-complejidad-para-partir\/\" rel=\"bookmark\">\n\t\t\t\t\t\t\tEstudio revela que el 40% de los SLEP que se instalar\u00e1n en los pr\u00f3ximos tres a\u00f1os presentan \u00edndices de Alta Complejidad para partir\t\t\t\t\t\t<\/a>\n\t\t\t\t\t<\/h3>\n\t\t\t\t\t<!-- <div class=\"news-card__tax\"> -->\n\t\t\t\t\t<!-- <\/div> -->\n\t\t\t\t<\/div>\n\t\t\t<\/div>\n\t\t<\/div>\n\t\t\t\t<div class=\"news-card-wrapper\" data-esid=\"3537012641d26e5635e9e3bfed612274f9b3de3e\">\n\t\t\t<div class=\"news-card\">\n\t\t\t\t<div class=\"news-card__media\">\n\t\t\t\t\t\t\t\t\t\t\t<img decoding=\"async\" src=\"https:\/\/educacion.udd.cl\/practicas-en-terreno\/wp-content\/themes\/facultades-2018\/assets\/img\/bg-udd.jpg\" class=\"news-card__image-default\">\n\t\t\t\t\t\t\t\t\t<\/div>\n\t\t\t\t<div class=\"news-card__inner\">\n\t\t\t\t\t<span class=\"news-card__published\">\n\t\t\t\t\t\t18 abril 2023\t\t\t\t\t<\/span>\n\t\t\t\t\t<h3 class=\"news-card__title\">\n\t\t\t\t\t\t<a href=\"https:\/\/educacion.udd.cl\/noticias\/2023\/04\/marcia-valenzuela-analizo-la-ley-tea-en-emol-tv\/\" rel=\"bookmark\">\n\t\t\t\t\t\t\tMarcia Valenzuela analiz\u00f3 la Ley TEA en Emol TV\t\t\t\t\t\t<\/a>\n\t\t\t\t\t<\/h3>\n\t\t\t\t\t<!-- <div class=\"news-card__tax\"> -->\n\t\t\t\t\t<!-- <\/div> -->\n\t\t\t\t<\/div>\n\t\t\t<\/div>\n\t\t<\/div>\n\t\t\t\t<div class=\"news-card-wrapper\" data-esid=\"6ee64085003b4f070d6fd76574a0c44121d5f3db\">\n\t\t\t<div class=\"news-card\">\n\t\t\t\t<div class=\"news-card__media\">\n\t\t\t\t\t<img decoding=\"async\" class=\"news-card__image\" loading=\"lazy\" src=\"https:\/\/educacion.udd.cl\/files\/2023\/04\/pebi2-680x382.png\" width=\"680\" height=\"382\">\t\t\t\t<\/div>\n\t\t\t\t<div class=\"news-card__inner\">\n\t\t\t\t\t<span class=\"news-card__published\">\n\t\t\t\t\t\t3 abril 2023\t\t\t\t\t<\/span>\n\t\t\t\t\t<h3 class=\"news-card__title\">\n\t\t\t\t\t\t<a href=\"https:\/\/educacion.udd.cl\/noticias\/2023\/04\/carrera-de-pedagogia-en-educacion-basica-con-mencion-ingles-realiza-taller-sobre-diversidad-en-el-aula-universitaria-para-sus-docentes\/\" rel=\"bookmark\">\n\t\t\t\t\t\t\tCarrera de Pedagog\u00eda en Educaci\u00f3n B\u00e1sica con menci\u00f3n Ingl\u00e9s realiza taller sobre Diversidad en el Aula Universitaria para sus docentes\t\t\t\t\t\t<\/a>\n\t\t\t\t\t<\/h3>\n\t\t\t\t\t<!-- <div class=\"news-card__tax\"> -->\n\t\t\t\t\t<!-- <\/div> -->\n\t\t\t\t<\/div>\n\t\t\t<\/div>\n\t\t<\/div>\n\t\t\t\t<div class=\"news-card-wrapper\" data-esid=\"8afefac42bd6f21847dbb3ad91c262054e97528e\">\n\t\t\t<div class=\"news-card\">\n\t\t\t\t<div class=\"news-card__media\">\n\t\t\t\t\t\t\t\t\t\t\t<img decoding=\"async\" src=\"https:\/\/educacion.udd.cl\/practicas-en-terreno\/wp-content\/themes\/facultades-2018\/assets\/img\/bg-udd.jpg\" class=\"news-card__image-default\">\n\t\t\t\t\t\t\t\t\t<\/div>\n\t\t\t\t<div class=\"news-card__inner\">\n\t\t\t\t\t<span class=\"news-card__published\">\n\t\t\t\t\t\t31 marzo 2023\t\t\t\t\t<\/span>\n\t\t\t\t\t<h3 class=\"news-card__title\">\n\t\t\t\t\t\t<a href=\"https:\/\/educacion.udd.cl\/noticias\/2023\/03\/el-programa-sumo-primero-en-terreno-realizo-su-9-clase-publica\/\" rel=\"bookmark\">\n\t\t\t\t\t\t\tEl programa Sumo Primero en Terreno realiz\u00f3 su 9\u00b0 Clase P\u00fablica\t\t\t\t\t\t<\/a>\n\t\t\t\t\t<\/h3>\n\t\t\t\t\t<!-- <div class=\"news-card__tax\"> -->\n\t\t\t\t\t<!-- <\/div> -->\n\t\t\t\t<\/div>\n\t\t\t<\/div>\n\t\t<\/div>\n\t\t\t\t<div class=\"news-card-wrapper\" data-esid=\"6d2842c200bb5c6887f20781271b738117c3327f\">\n\t\t\t<div class=\"news-card\">\n\t\t\t\t<div class=\"news-card__media\">\n\t\t\t\t\t<img decoding=\"async\" class=\"news-card__image\" loading=\"lazy\" src=\"https:\/\/educacion.udd.cl\/files\/2023\/03\/jane1ok.png\" width=\"660\" height=\"380\">\t\t\t\t<\/div>\n\t\t\t\t<div class=\"news-card__inner\">\n\t\t\t\t\t<span class=\"news-card__published\">\n\t\t\t\t\t\t24 marzo 2023\t\t\t\t\t<\/span>\n\t\t\t\t\t<h3 class=\"news-card__title\">\n\t\t\t\t\t\t<a href=\"https:\/\/educacion.udd.cl\/noticias\/2023\/03\/educacion-udd-recibe-a-academica-fundadora-de-jane-goodall-institute-australia\/\" rel=\"bookmark\">\n\t\t\t\t\t\t\tEducaci\u00f3n UDD recibe a acad\u00e9mica fundadora de Jane Goodall Institute Australia\t\t\t\t\t\t<\/a>\n\t\t\t\t\t<\/h3>\n\t\t\t\t\t<!-- <div class=\"news-card__tax\"> -->\n\t\t\t\t\t<!-- <\/div> -->\n\t\t\t\t<\/div>\n\t\t\t<\/div>\n\t\t<\/div>\n\t\t\t\t<div class=\"news-card-wrapper\" data-esid=\"ce678c6d76478d864630555ef8202f8d32496c55\">\n\t\t\t<div class=\"news-card\">\n\t\t\t\t<div class=\"news-card__media\">\n\t\t\t\t\t<img decoding=\"async\" class=\"news-card__image\" loading=\"lazy\" src=\"https:\/\/educacion.udd.cl\/files\/2023\/03\/39-680x382.jpg\" width=\"680\" height=\"382\">\t\t\t\t<\/div>\n\t\t\t\t<div class=\"news-card__inner\">\n\t\t\t\t\t<span class=\"news-card__published\">\n\t\t\t\t\t\t11 marzo 2023\t\t\t\t\t<\/span>\n\t\t\t\t\t<h3 class=\"news-card__title\">\n\t\t\t\t\t\t<a href=\"https:\/\/educacion.udd.cl\/noticias\/2023\/03\/clase-media-es-la-mas-critica-con-la-calidad-de-la-educacion-y-hasta-el-53-cree-que-no-ha-mejorado\/\" rel=\"bookmark\">\n\t\t\t\t\t\t\tClase media  es la m\u00e1s cr\u00edtica con la calidad de la educaci\u00f3n, y hasta el 53% cree que no ha mejorado\t\t\t\t\t\t<\/a>\n\t\t\t\t\t<\/h3>\n\t\t\t\t\t<!-- <div class=\"news-card__tax\"> -->\n\t\t\t\t\t<!-- <\/div> -->\n\t\t\t\t<\/div>\n\t\t\t<\/div>\n\t\t<\/div>\n\t\t\t\t<div class=\"news-card-wrapper\" data-esid=\"3646ead7e8cf0991eadf60a5f89ecf4f8fd47ad1\">\n\t\t\t<div class=\"news-card\">\n\t\t\t\t<div class=\"news-card__media\">\n\t\t\t\t\t<img decoding=\"async\" class=\"news-card__image\" loading=\"lazy\" src=\"https:\/\/educacion.udd.cl\/files\/2023\/03\/chat_gpt-3452-680x382.jpg\" width=\"680\" height=\"382\">\t\t\t\t<\/div>\n\t\t\t\t<div class=\"news-card__inner\">\n\t\t\t\t\t<span class=\"news-card__published\">\n\t\t\t\t\t\t7 marzo 2023\t\t\t\t\t<\/span>\n\t\t\t\t\t<h3 class=\"news-card__title\">\n\t\t\t\t\t\t<a href=\"https:\/\/educacion.udd.cl\/noticias\/2023\/03\/chatgpt-la-revolucion-tecnologica-que-enfrenta-la-educacion\/\" rel=\"bookmark\">\n\t\t\t\t\t\t\tChatGPT: la revoluci\u00f3n tecnol\u00f3gica que enfrenta la educaci\u00f3n\t\t\t\t\t\t<\/a>\n\t\t\t\t\t<\/h3>\n\t\t\t\t\t<!-- <div class=\"news-card__tax\"> -->\n\t\t\t\t\t<!-- <\/div> -->\n\t\t\t\t<\/div>\n\t\t\t<\/div>\n\t\t<\/div>\n\t\t\t\t<div class=\"news-card-wrapper\" data-esid=\"680a7c96ac685d1748281fe66d4d262aeb0ec711\">\n\t\t\t<div class=\"news-card\">\n\t\t\t\t<div class=\"news-card__media\">\n\t\t\t\t\t<img decoding=\"async\" class=\"news-card__image\" loading=\"lazy\" src=\"https:\/\/educacion.udd.cl\/files\/2022\/10\/seminario_2022_-3126-680x382.jpg\" width=\"680\" height=\"382\">\t\t\t\t<\/div>\n\t\t\t\t<div class=\"news-card__inner\">\n\t\t\t\t\t<span class=\"news-card__published\">\n\t\t\t\t\t\t20 octubre 2022\t\t\t\t\t<\/span>\n\t\t\t\t\t<h3 class=\"news-card__title\">\n\t\t\t\t\t\t<a href=\"https:\/\/educacion.udd.cl\/noticias\/2022\/10\/educacion-udd-potencia-el-aprendizaje-al-aire-libre-con-masivo-seminario\/\" rel=\"bookmark\">\n\t\t\t\t\t\t\tEducaci\u00f3n UDD potencia el aprendizaje al aire libre con masivo seminario\t\t\t\t\t\t<\/a>\n\t\t\t\t\t<\/h3>\n\t\t\t\t\t<!-- <div class=\"news-card__tax\"> -->\n\t\t\t\t\t<!-- <\/div> -->\n\t\t\t\t<\/div>\n\t\t\t<\/div>\n\t\t<\/div>\n\t\t\t\t<div class=\"news-card-wrapper\" data-esid=\"a0df7a1bf6088632e7611a9896944c767987e54d\">\n\t\t\t<div class=\"news-card\">\n\t\t\t\t<div class=\"news-card__media\">\n\t\t\t\t\t<img decoding=\"async\" class=\"news-card__image\" loading=\"lazy\" src=\"https:\/\/educacion.udd.cl\/files\/2022\/08\/image-4-680x382.jpg\" width=\"680\" height=\"382\">\t\t\t\t<\/div>\n\t\t\t\t<div class=\"news-card__inner\">\n\t\t\t\t\t<span class=\"news-card__published\">\n\t\t\t\t\t\t22 agosto 2022\t\t\t\t\t<\/span>\n\t\t\t\t\t<h3 class=\"news-card__title\">\n\t\t\t\t\t\t<a href=\"https:\/\/educacion.udd.cl\/noticias\/2022\/08\/estudiantes-de-pedagogia-basica-mencion-ingles-y-pedagogia-en-educacion-de-parvulos-comenzaron-sus-practicas-en-terreno\/\" rel=\"bookmark\">\n\t\t\t\t\t\t\tEstudiantes de Pedagog\u00eda B\u00e1sica menci\u00f3n ingl\u00e9s y Pedagog\u00eda en Educaci\u00f3n de P\u00e1rvulos, comenzaron sus pr\u00e1cticas en terreno.\t\t\t\t\t\t<\/a>\n\t\t\t\t\t<\/h3>\n\t\t\t\t\t<!-- <div class=\"news-card__tax\"> -->\n\t\t\t\t\t<!-- <\/div> -->\n\t\t\t\t<\/div>\n\t\t\t<\/div>\n\t\t<\/div>\n\t\t\t<\/div>\n\t\t\t<ul class=\"page-numbers\">\n\t\t<li><span aria-current=\"page\" class=\"page-numbers current\">1<\/span><\/li><li><a class=\"page-numbers\" href=\"https:\/\/educacion.udd.cl\/practicas-en-terreno\/wp-json\/wp\/v2\/pages\/1353\/?pagenum=2\">2<\/a><\/li><li><a class=\"page-numbers\" href=\"https:\/\/educacion.udd.cl\/practicas-en-terreno\/wp-json\/wp\/v2\/pages\/1353\/?pagenum=3\">3<\/a><\/li><li><a class=\"next page-numbers\" href=\"https:\/\/educacion.udd.cl\/practicas-en-terreno\/wp-json\/wp\/v2\/pages\/1353\/?pagenum=2\">Siguiente &raquo;<\/a><\/li>\t\t<\/ul>\n\t<\/div>\n<div class=\"container text\">\n","protected":false},"excerpt":{"rendered":"","protected":false},"author":22,"featured_media":0,"parent":0,"menu_order":0,"comment_status":"closed","ping_status":"closed","template":"","meta":{"footnotes":""},"class_list":["post-1353","page","type-page","status-publish","hentry"],"yoast_head":"<!-- This site is optimized with the Yoast SEO plugin v26.9 - https:\/\/yoast.com\/product\/yoast-seo-wordpress\/ -->\n<title>Educaci\u00f3n en Terreno - Pr\u00e1cticas en terreno | Facultad de Educaci\u00f3n UDD<\/title>\n<meta name=\"robots\" content=\"index, follow, max-snippet:-1, max-image-preview:large, max-video-preview:-1\" \/>\n<link rel=\"canonical\" href=\"https:\/\/educacion.udd.cl\/practicas-en-terreno\/educacion-en-terreno\/\" \/>\n<meta property=\"og:locale\" content=\"es_ES\" \/>\n<meta property=\"og:type\" content=\"article\" \/>\n<meta property=\"og:title\" content=\"Educaci\u00f3n en Terreno - Pr\u00e1cticas en terreno | Facultad de Educaci\u00f3n UDD\" \/>\n<meta property=\"og:url\" content=\"https:\/\/educacion.udd.cl\/practicas-en-terreno\/educacion-en-terreno\/\" \/>\n<meta property=\"og:site_name\" content=\"Pr\u00e1cticas en terreno | Facultad de Educaci\u00f3n UDD\" \/>\n<meta property=\"article:modified_time\" content=\"2022-04-07T17:04:40+00:00\" \/>\n<meta name=\"twitter:card\" content=\"summary_large_image\" \/>\n<script type=\"application\/ld+json\" class=\"yoast-schema-graph\">{\"@context\":\"https:\/\/schema.org\",\"@graph\":[{\"@type\":\"WebPage\",\"@id\":\"https:\/\/educacion.udd.cl\/practicas-en-terreno\/educacion-en-terreno\/\",\"url\":\"https:\/\/educacion.udd.cl\/practicas-en-terreno\/educacion-en-terreno\/\",\"name\":\"Educaci\u00f3n en Terreno - Pr\u00e1cticas en terreno | Facultad de Educaci\u00f3n UDD\",\"isPartOf\":{\"@id\":\"https:\/\/educacion.udd.cl\/practicas-en-terreno\/#website\"},\"datePublished\":\"2022-04-07T16:40:00+00:00\",\"dateModified\":\"2022-04-07T17:04:40+00:00\",\"breadcrumb\":{\"@id\":\"https:\/\/educacion.udd.cl\/practicas-en-terreno\/educacion-en-terreno\/#breadcrumb\"},\"inLanguage\":\"es\",\"potentialAction\":[{\"@type\":\"ReadAction\",\"target\":[\"https:\/\/educacion.udd.cl\/practicas-en-terreno\/educacion-en-terreno\/\"]}]},{\"@type\":\"BreadcrumbList\",\"@id\":\"https:\/\/educacion.udd.cl\/practicas-en-terreno\/educacion-en-terreno\/#breadcrumb\",\"itemListElement\":[{\"@type\":\"ListItem\",\"position\":1,\"name\":\"Portada\",\"item\":\"https:\/\/educacion.udd.cl\/practicas-en-terreno\/\"},{\"@type\":\"ListItem\",\"position\":2,\"name\":\"Educaci\u00f3n en Terreno\"}]},{\"@type\":\"WebSite\",\"@id\":\"https:\/\/educacion.udd.cl\/practicas-en-terreno\/#website\",\"url\":\"https:\/\/educacion.udd.cl\/practicas-en-terreno\/\",\"name\":\"Pr\u00e1cticas en terreno | Facultad de Educaci\u00f3n UDD\",\"description\":\"Facultad de Educaci\u00f3n UDD\",\"inLanguage\":\"es\"}]}<\/script>\n<!-- \/ Yoast SEO plugin. -->","yoast_head_json":{"title":"Educaci\u00f3n en Terreno - Pr\u00e1cticas en terreno | Facultad de Educaci\u00f3n UDD","robots":{"index":"index","follow":"follow","max-snippet":"max-snippet:-1","max-image-preview":"max-image-preview:large","max-video-preview":"max-video-preview:-1"},"canonical":"https:\/\/educacion.udd.cl\/practicas-en-terreno\/educacion-en-terreno\/","og_locale":"es_ES","og_type":"article","og_title":"Educaci\u00f3n en Terreno - Pr\u00e1cticas en terreno | Facultad de Educaci\u00f3n UDD","og_url":"https:\/\/educacion.udd.cl\/practicas-en-terreno\/educacion-en-terreno\/","og_site_name":"Pr\u00e1cticas en terreno | Facultad de Educaci\u00f3n UDD","article_modified_time":"2022-04-07T17:04:40+00:00","twitter_card":"summary_large_image","schema":{"@context":"https:\/\/schema.org","@graph":[{"@type":"WebPage","@id":"https:\/\/educacion.udd.cl\/practicas-en-terreno\/educacion-en-terreno\/","url":"https:\/\/educacion.udd.cl\/practicas-en-terreno\/educacion-en-terreno\/","name":"Educaci\u00f3n en Terreno - Pr\u00e1cticas en terreno | Facultad de Educaci\u00f3n UDD","isPartOf":{"@id":"https:\/\/educacion.udd.cl\/practicas-en-terreno\/#website"},"datePublished":"2022-04-07T16:40:00+00:00","dateModified":"2022-04-07T17:04:40+00:00","breadcrumb":{"@id":"https:\/\/educacion.udd.cl\/practicas-en-terreno\/educacion-en-terreno\/#breadcrumb"},"inLanguage":"es","potentialAction":[{"@type":"ReadAction","target":["https:\/\/educacion.udd.cl\/practicas-en-terreno\/educacion-en-terreno\/"]}]},{"@type":"BreadcrumbList","@id":"https:\/\/educacion.udd.cl\/practicas-en-terreno\/educacion-en-terreno\/#breadcrumb","itemListElement":[{"@type":"ListItem","position":1,"name":"Portada","item":"https:\/\/educacion.udd.cl\/practicas-en-terreno\/"},{"@type":"ListItem","position":2,"name":"Educaci\u00f3n en Terreno"}]},{"@type":"WebSite","@id":"https:\/\/educacion.udd.cl\/practicas-en-terreno\/#website","url":"https:\/\/educacion.udd.cl\/practicas-en-terreno\/","name":"Pr\u00e1cticas en terreno | Facultad de Educaci\u00f3n UDD","description":"Facultad de Educaci\u00f3n UDD","inLanguage":"es"}]}},"_links":{"self":[{"href":"https:\/\/educacion.udd.cl\/practicas-en-terreno\/wp-json\/wp\/v2\/pages\/1353","targetHints":{"allow":["GET"]}}],"collection":[{"href":"https:\/\/educacion.udd.cl\/practicas-en-terreno\/wp-json\/wp\/v2\/pages"}],"about":[{"href":"https:\/\/educacion.udd.cl\/practicas-en-terreno\/wp-json\/wp\/v2\/types\/page"}],"author":[{"embeddable":true,"href":"https:\/\/educacion.udd.cl\/practicas-en-terreno\/wp-json\/wp\/v2\/users\/22"}],"replies":[{"embeddable":true,"href":"https:\/\/educacion.udd.cl\/practicas-en-terreno\/wp-json\/wp\/v2\/comments?post=1353"}],"version-history":[{"count":4,"href":"https:\/\/educacion.udd.cl\/practicas-en-terreno\/wp-json\/wp\/v2\/pages\/1353\/revisions"}],"predecessor-version":[{"id":1376,"href":"https:\/\/educacion.udd.cl\/practicas-en-terreno\/wp-json\/wp\/v2\/pages\/1353\/revisions\/1376"}],"wp:attachment":[{"href":"https:\/\/educacion.udd.cl\/practicas-en-terreno\/wp-json\/wp\/v2\/media?parent=1353"}],"curies":[{"name":"wp","href":"https:\/\/api.w.org\/{rel}","templated":true}]}}