{"id":27,"date":"2024-03-11T14:06:19","date_gmt":"2024-03-11T17:06:19","guid":{"rendered":"https:\/\/educacion.udd.cl\/cima\/?page_id=27"},"modified":"2024-12-13T10:13:48","modified_gmt":"2024-12-13T13:13:48","slug":"que-es-cima","status":"publish","type":"page","link":"https:\/\/educacion.udd.cl\/cima\/que-es-cima\/","title":{"rendered":"Qu\u00e9 es CIMA"},"content":{"rendered":"\n<h2 class=\"wp-block-heading\">Centro de Investigaci\u00f3n para la Mejora de los Aprendizajes<\/h2>\n\n\n\n<p>Este centro de la Facultad de Educaci\u00f3n de la Universidad del Desarrollo busca destacarse como un l\u00edder en la generaci\u00f3n de conocimiento acad\u00e9mico en educaci\u00f3n para contribuir al progreso de Chile, centrando sus esfuerzos en investigaciones aplicadas de alta calidad, la influencia en la formulaci\u00f3n de pol\u00edticas p\u00fablicas, y la colaboraci\u00f3n con diversas partes interesadas para lograr un impacto positivo y sostenible en el \u00e1mbito educativo.<\/p>\n\n\n<section\n\tclass=\"wp-block-udd-text-row block--bg-gray\"\n\t\t>\n\t<div class=\"text-row\">\n\t\t<div class=\"text-row__content\">\n\t\t\t<div class=\"text-row__content-inner text\">\n\t\t\t\t\t\t\t\t<h2>Visi\u00f3n<\/h2>\n\t\t\t\t\t\t\t\t\n<p>Nuestra visi\u00f3n es ser un referente de excelencia en la generaci\u00f3n de conocimiento en educaci\u00f3n, con un compromiso s\u00f3lido de contribuir al progreso de Chile. Buscamos influir de manera significativa en la formulaci\u00f3n de pol\u00edticas p\u00fablicas informadas, estableciendo un puente efectivo entre la investigaci\u00f3n y su aplicaci\u00f3n concreta en beneficio de la sociedad.<\/p>\n\t\t\t<\/div>\n\t\t<\/div>\n\t\t<div class=\"text-row__media\">\n\t\t\t<img loading=\"lazy\" decoding=\"async\" width=\"952\" height=\"534\" src=\"https:\/\/educacion.udd.cl\/cima\/files\/2024\/03\/pexels-christina-morillo-1181307-680x382.jpg\" class=\"text-row__media-image lazyload\" alt=\"\" sizes=\"auto, (max-width: 952px) 100vw, 952px\" data-src=\"https:\/\/educacion.udd.cl\/cima\/files\/2024\/03\/pexels-christina-morillo-1181307-952x534.jpg\" data-srcset=\"https:\/\/educacion.udd.cl\/cima\/files\/2024\/03\/pexels-christina-morillo-1181307-952x534.jpg 952w, https:\/\/educacion.udd.cl\/cima\/files\/2024\/03\/pexels-christina-morillo-1181307-1366x768.jpg 1366w, https:\/\/educacion.udd.cl\/cima\/files\/2024\/03\/pexels-christina-morillo-1181307-680x382.jpg 680w\" \/>\t\t<\/div>\n\t<\/div>\n<\/section>\n\n\n<section\n\tclass=\"wp-block-udd-text-row block--content-align-right block--bg-gray\"\n\t\t>\n\t<div class=\"text-row\">\n\t\t<div class=\"text-row__content\">\n\t\t\t<div class=\"text-row__content-inner text\">\n\t\t\t\t\t\t\t\t<h2>Misi\u00f3n<\/h2>\n\t\t\t\t\t\t\t\t\n<p>Nuestra misi\u00f3n es promover la investigaci\u00f3n emp\u00edrica, la innovaci\u00f3n y el conocimiento interdisciplinario como bases fundamentales para concretar nuestra visi\u00f3n. Nos comprometemos a generar conocimiento y soluciones para los desaf\u00edos educativos que enfrenta Chile. Trabajamos incansablemente para transformar estos avances en recomendaciones concretas que orienten las pol\u00edticas p\u00fablicas y el trabajo en terreno, impulsando as\u00ed un cambio positivo y sostenible en la sociedad.<\/p>\n\t\t\t<\/div>\n\t\t<\/div>\n\t\t<div class=\"text-row__media\">\n\t\t\t<img loading=\"lazy\" decoding=\"async\" width=\"952\" height=\"534\" src=\"https:\/\/educacion.udd.cl\/cima\/files\/2024\/03\/universidad-del-desarrollo43-680x382.jpg\" class=\"text-row__media-image lazyload\" alt=\"\" sizes=\"auto, (max-width: 952px) 100vw, 952px\" data-src=\"https:\/\/educacion.udd.cl\/cima\/files\/2024\/03\/universidad-del-desarrollo43-952x534.jpg\" data-srcset=\"https:\/\/educacion.udd.cl\/cima\/files\/2024\/03\/universidad-del-desarrollo43-952x534.jpg 952w, https:\/\/educacion.udd.cl\/cima\/files\/2024\/03\/universidad-del-desarrollo43-1366x768.jpg 1366w, https:\/\/educacion.udd.cl\/cima\/files\/2024\/03\/universidad-del-desarrollo43-680x382.jpg 680w\" \/>\t\t<\/div>\n\t<\/div>\n<\/section>\n\n\n<!-- WP Block: UDD - Cards Alternate -->\n<section class=\"wp-block-udd-cards\" style=\"--udd-blocks-has-columns-number: 3\">\n\t<div class=\"container\">\n\t\t\t\t\t<header class=\"header__innerblock block__header\">\n\t\t\t\n<h2 class=\"wp-block-heading\">Objetivos<\/h2>\n\t\n\t\n\t<\/header>\n\t\t\t\t<div class=\"block__content\">\n\t\t\t<div class=\"cards cards--listed\">\n\t\t\t\t\t\t\t\t\t\t\t\t\t\t\t\t\t<div class=\"card-wrapper\">\n\t\t\t\t\t\t<div class=\"card\">\n\t\t\t\t\t\t\t<h3 class=\"card__title\">Generar conocimiento aplicado de vanguardia<\/h3>\n\t\t\t\t\t\t\t\t\t\t\t\t\t\t<div class=\"card__description\">\n\t\t\t\t\t\t\t\t<p>Buscamos llevar a cabo investigaciones emp\u00edricas de alta calidad que arrojen luz sobre los problemas de la educaci\u00f3n chilena. A trav\u00e9s de la recopilaci\u00f3n y el an\u00e1lisis riguroso de datos, aspiramos a desarrollar un cuerpo sustancial de<br \/>conocimiento aplicado que ofrezca soluciones efectivas y concretas para mejorar el sistema<br \/>educativo. <\/p>\n\t\t\t\t\t\t\t<\/div>\n\t\t\t\t\t\t\t\t\t\t\t\t\t<\/div>\n\t\t\t\t\t<\/div>\n\t\t\t\t\t\t\t\t\t\t\t\t\t\t\t\t\t\t\t\t\t<div class=\"card-wrapper\">\n\t\t\t\t\t\t<div class=\"card\">\n\t\t\t\t\t\t\t<h3 class=\"card__title\">Influir en la pol\u00edtica p\u00fablica educativa<\/h3>\n\t\t\t\t\t\t\t\t\t\t\t\t\t\t<div class=\"card__description\">\n\t\t\t\t\t\t\t\t<p>Nos comprometemos a ser un actor influyente en la formulaci\u00f3n de pol\u00edticas p\u00fablicas educativas en Chile. A trav\u00e9s de la presentaci\u00f3n de recomendaciones basadas en evidencia y la difusi\u00f3n de hallazgos claves, buscamos desempe\u00f1ar un<br \/>papel activo en la toma de decisiones informadas a nivel gubernamental.<\/p>\n\t\t\t\t\t\t\t<\/div>\n\t\t\t\t\t\t\t\t\t\t\t\t\t<\/div>\n\t\t\t\t\t<\/div>\n\t\t\t\t\t\t\t\t\t\t\t\t\t\t\t\t\t\t\t\t\t<div class=\"card-wrapper\">\n\t\t\t\t\t\t<div class=\"card\">\n\t\t\t\t\t\t\t<h3 class=\"card__title\">Consolidar redes de colaboraci\u00f3n y participaci\u00f3n<\/h3>\n\t\t\t\t\t\t\t\t\t\t\t\t\t\t<div class=\"card__description\">\n\t\t\t\t\t\t\t\t<p>Reconocemos la importancia de la<br \/>colaboraci\u00f3n y la participaci\u00f3n para lograr un impacto duradero en la educaci\u00f3n. Nos esforzaremos por establecer redes s\u00f3lidas de colaboraci\u00f3n nacionales e internacionales con instituciones<br \/>educativas, organizaciones de la sociedad civil, expertos en el campo y actores gubernamentales.<\/p>\n\t\t\t\t\t\t\t<\/div>\n\t\t\t\t\t\t\t\t\t\t\t\t\t<\/div>\n\t\t\t\t\t<\/div>\n\t\t\t\t\t\t\t\t\t\t<\/div>\n\t\t<\/div>\n\t<\/div>\n<\/section>\n","protected":false},"excerpt":{"rendered":"<p>Centro de Investigaci\u00f3n para la Mejora de los Aprendizajes Este centro de la Facultad de Educaci\u00f3n de la Universidad del Desarrollo busca destacarse como un l\u00edder en la generaci\u00f3n de conocimiento acad\u00e9mico en educaci\u00f3n para contribuir al progreso de Chile, centrando sus esfuerzos en investigaciones aplicadas de alta calidad, la influencia en la formulaci\u00f3n de [&hellip;]<\/p>\n","protected":false},"author":39,"featured_media":0,"parent":0,"menu_order":0,"comment_status":"closed","ping_status":"closed","template":"","meta":{"footnotes":""},"class_list":["post-27","page","type-page","status-publish","hentry"],"yoast_head":"<!-- This site is optimized with the Yoast SEO plugin v26.9 - https:\/\/yoast.com\/product\/yoast-seo-wordpress\/ -->\n<title>Qu\u00e9 es CIMA - CIMA<\/title>\n<meta name=\"robots\" content=\"index, follow, max-snippet:-1, max-image-preview:large, max-video-preview:-1\" \/>\n<link rel=\"canonical\" href=\"https:\/\/educacion.udd.cl\/cima\/que-es-cima\/\" \/>\n<meta property=\"og:locale\" content=\"es_ES\" \/>\n<meta property=\"og:type\" content=\"article\" \/>\n<meta property=\"og:title\" content=\"Qu\u00e9 es CIMA - CIMA\" \/>\n<meta property=\"og:description\" content=\"Centro de Investigaci\u00f3n para la Mejora de los Aprendizajes Este centro de la Facultad de Educaci\u00f3n de la Universidad del Desarrollo busca destacarse como un l\u00edder en la generaci\u00f3n de conocimiento acad\u00e9mico en educaci\u00f3n para contribuir al progreso de Chile, centrando sus esfuerzos en investigaciones aplicadas de alta calidad, la influencia en la formulaci\u00f3n de [&hellip;]\" \/>\n<meta property=\"og:url\" content=\"https:\/\/educacion.udd.cl\/cima\/que-es-cima\/\" \/>\n<meta property=\"og:site_name\" content=\"CIMA\" \/>\n<meta property=\"article:modified_time\" content=\"2024-12-13T13:13:48+00:00\" \/>\n<meta property=\"og:image\" content=\"http:\/\/educacion.udd.cl\/cima\/files\/2024\/03\/pexels-christina-morillo-1181307-scaled.jpg\" \/>\n<meta name=\"twitter:card\" content=\"summary_large_image\" \/>\n<meta name=\"twitter:label1\" content=\"Tiempo de lectura\" \/>\n\t<meta name=\"twitter:data1\" content=\"2 minutos\" \/>\n<script type=\"application\/ld+json\" class=\"yoast-schema-graph\">{\"@context\":\"https:\/\/schema.org\",\"@graph\":[{\"@type\":\"WebPage\",\"@id\":\"https:\/\/educacion.udd.cl\/cima\/que-es-cima\/\",\"url\":\"https:\/\/educacion.udd.cl\/cima\/que-es-cima\/\",\"name\":\"Qu\u00e9 es CIMA - CIMA\",\"isPartOf\":{\"@id\":\"https:\/\/educacion.udd.cl\/cima\/#website\"},\"primaryImageOfPage\":{\"@id\":\"https:\/\/educacion.udd.cl\/cima\/que-es-cima\/#primaryimage\"},\"image\":{\"@id\":\"https:\/\/educacion.udd.cl\/cima\/que-es-cima\/#primaryimage\"},\"thumbnailUrl\":\"http:\/\/educacion.udd.cl\/cima\/files\/2024\/03\/pexels-christina-morillo-1181307-scaled.jpg\",\"datePublished\":\"2024-03-11T17:06:19+00:00\",\"dateModified\":\"2024-12-13T13:13:48+00:00\",\"breadcrumb\":{\"@id\":\"https:\/\/educacion.udd.cl\/cima\/que-es-cima\/#breadcrumb\"},\"inLanguage\":\"es\",\"potentialAction\":[{\"@type\":\"ReadAction\",\"target\":[\"https:\/\/educacion.udd.cl\/cima\/que-es-cima\/\"]}]},{\"@type\":\"ImageObject\",\"inLanguage\":\"es\",\"@id\":\"https:\/\/educacion.udd.cl\/cima\/que-es-cima\/#primaryimage\",\"url\":\"https:\/\/educacion.udd.cl\/cima\/files\/2024\/03\/pexels-christina-morillo-1181307-scaled.jpg\",\"contentUrl\":\"https:\/\/educacion.udd.cl\/cima\/files\/2024\/03\/pexels-christina-morillo-1181307-scaled.jpg\",\"width\":2560,\"height\":1709},{\"@type\":\"BreadcrumbList\",\"@id\":\"https:\/\/educacion.udd.cl\/cima\/que-es-cima\/#breadcrumb\",\"itemListElement\":[{\"@type\":\"ListItem\",\"position\":1,\"name\":\"Portada\",\"item\":\"https:\/\/educacion.udd.cl\/cima\/\"},{\"@type\":\"ListItem\",\"position\":2,\"name\":\"Qu\u00e9 es CIMA\"}]},{\"@type\":\"WebSite\",\"@id\":\"https:\/\/educacion.udd.cl\/cima\/#website\",\"url\":\"https:\/\/educacion.udd.cl\/cima\/\",\"name\":\"CIMA\",\"description\":\"\",\"inLanguage\":\"es\"}]}<\/script>\n<!-- \/ Yoast SEO plugin. -->","yoast_head_json":{"title":"Qu\u00e9 es CIMA - CIMA","robots":{"index":"index","follow":"follow","max-snippet":"max-snippet:-1","max-image-preview":"max-image-preview:large","max-video-preview":"max-video-preview:-1"},"canonical":"https:\/\/educacion.udd.cl\/cima\/que-es-cima\/","og_locale":"es_ES","og_type":"article","og_title":"Qu\u00e9 es CIMA - CIMA","og_description":"Centro de Investigaci\u00f3n para la Mejora de los Aprendizajes Este centro de la Facultad de Educaci\u00f3n de la Universidad del Desarrollo busca destacarse como un l\u00edder en la generaci\u00f3n de conocimiento acad\u00e9mico en educaci\u00f3n para contribuir al progreso de Chile, centrando sus esfuerzos en investigaciones aplicadas de alta calidad, la influencia en la formulaci\u00f3n de [&hellip;]","og_url":"https:\/\/educacion.udd.cl\/cima\/que-es-cima\/","og_site_name":"CIMA","article_modified_time":"2024-12-13T13:13:48+00:00","og_image":[{"url":"http:\/\/educacion.udd.cl\/cima\/files\/2024\/03\/pexels-christina-morillo-1181307-scaled.jpg","type":"","width":"","height":""}],"twitter_card":"summary_large_image","twitter_misc":{"Tiempo de lectura":"2 minutos"},"schema":{"@context":"https:\/\/schema.org","@graph":[{"@type":"WebPage","@id":"https:\/\/educacion.udd.cl\/cima\/que-es-cima\/","url":"https:\/\/educacion.udd.cl\/cima\/que-es-cima\/","name":"Qu\u00e9 es CIMA - CIMA","isPartOf":{"@id":"https:\/\/educacion.udd.cl\/cima\/#website"},"primaryImageOfPage":{"@id":"https:\/\/educacion.udd.cl\/cima\/que-es-cima\/#primaryimage"},"image":{"@id":"https:\/\/educacion.udd.cl\/cima\/que-es-cima\/#primaryimage"},"thumbnailUrl":"http:\/\/educacion.udd.cl\/cima\/files\/2024\/03\/pexels-christina-morillo-1181307-scaled.jpg","datePublished":"2024-03-11T17:06:19+00:00","dateModified":"2024-12-13T13:13:48+00:00","breadcrumb":{"@id":"https:\/\/educacion.udd.cl\/cima\/que-es-cima\/#breadcrumb"},"inLanguage":"es","potentialAction":[{"@type":"ReadAction","target":["https:\/\/educacion.udd.cl\/cima\/que-es-cima\/"]}]},{"@type":"ImageObject","inLanguage":"es","@id":"https:\/\/educacion.udd.cl\/cima\/que-es-cima\/#primaryimage","url":"https:\/\/educacion.udd.cl\/cima\/files\/2024\/03\/pexels-christina-morillo-1181307-scaled.jpg","contentUrl":"https:\/\/educacion.udd.cl\/cima\/files\/2024\/03\/pexels-christina-morillo-1181307-scaled.jpg","width":2560,"height":1709},{"@type":"BreadcrumbList","@id":"https:\/\/educacion.udd.cl\/cima\/que-es-cima\/#breadcrumb","itemListElement":[{"@type":"ListItem","position":1,"name":"Portada","item":"https:\/\/educacion.udd.cl\/cima\/"},{"@type":"ListItem","position":2,"name":"Qu\u00e9 es CIMA"}]},{"@type":"WebSite","@id":"https:\/\/educacion.udd.cl\/cima\/#website","url":"https:\/\/educacion.udd.cl\/cima\/","name":"CIMA","description":"","inLanguage":"es"}]}},"_links":{"self":[{"href":"https:\/\/educacion.udd.cl\/cima\/wp-json\/wp\/v2\/pages\/27","targetHints":{"allow":["GET"]}}],"collection":[{"href":"https:\/\/educacion.udd.cl\/cima\/wp-json\/wp\/v2\/pages"}],"about":[{"href":"https:\/\/educacion.udd.cl\/cima\/wp-json\/wp\/v2\/types\/page"}],"author":[{"embeddable":true,"href":"https:\/\/educacion.udd.cl\/cima\/wp-json\/wp\/v2\/users\/39"}],"replies":[{"embeddable":true,"href":"https:\/\/educacion.udd.cl\/cima\/wp-json\/wp\/v2\/comments?post=27"}],"version-history":[{"count":4,"href":"https:\/\/educacion.udd.cl\/cima\/wp-json\/wp\/v2\/pages\/27\/revisions"}],"predecessor-version":[{"id":225,"href":"https:\/\/educacion.udd.cl\/cima\/wp-json\/wp\/v2\/pages\/27\/revisions\/225"}],"wp:attachment":[{"href":"https:\/\/educacion.udd.cl\/cima\/wp-json\/wp\/v2\/media?parent=27"}],"curies":[{"name":"wp","href":"https:\/\/api.w.org\/{rel}","templated":true}]}}