{"id":71,"date":"2020-11-26T04:21:02","date_gmt":"2020-11-26T03:21:02","guid":{"rendered":"https:\/\/educacion.udd.cl\/aprendizaje180\/?page_id=71"},"modified":"2026-02-25T20:34:38","modified_gmt":"2026-02-25T19:34:38","slug":"inicio-2","status":"publish","type":"page","link":"https:\/\/educacion.udd.cl\/aprendizaje180\/","title":{"rendered":"inicio"},"content":{"rendered":"<section class=\"wp-block-udd-text-row block--bg-gray\">\n\t<div class=\"text-row\">\n\t\t<div class=\"text-row__content\">\n\t\t\t<div class=\"text-row__content-inner text\">\n\t\t\t\t\t\t\t\t<h2>APRENDIZAJE180: La tecnolog\u00eda como una herramienta al servicio de la educaci\u00f3n <\/h2>\n\t\t\t\t\t\t\t\t\n<p> El principal objetivo de este centro es impulsar el uso de la tecnolog\u00eda como una herramienta para el aprendizaje entre docentes y estudiantes, adem\u00e1s de ser un aporte en mejorar la gesti\u00f3n y administraci\u00f3n en las instituciones. Adem\u00e1s, buscamos canalizar la vinculaci\u00f3n con experiencias educativas internacionales en el contexto de la globalizaci\u00f3n, a trav\u00e9s del estudio del dise\u00f1o e implementaci\u00f3n de los desarrollos tecnol\u00f3gicos disponibles y la contribuci\u00f3n a su mejora.<\/p>\n\n<p><a href=\"https:\/\/educacion.udd.cl\/aprendizaje180\/proyectos\/\">Conoce nuestros proyectos <\/a><\/p>\n\t\t\t<\/div>\n\t\t<\/div>\n\t\t<div class=\"text-row__media\">\n\t\t\t<img loading=\"lazy\" decoding=\"async\" width=\"871\" height=\"534\" src=\"https:\/\/educacion.udd.cl\/aprendizaje180\/files\/2022\/06\/Captura-de-pantalla-2022-01-11-110738-680x382.jpg\" class=\"text-row__media-image lazyload\" alt=\"\" data-src=\"https:\/\/educacion.udd.cl\/aprendizaje180\/files\/2022\/06\/Captura-de-pantalla-2022-01-11-110738-871x534.jpg\" \/>\t\t<\/div>\n\t<\/div>\n<\/section>\n\n\n<section class=\"wp-block-udd-fullwidth-cards is-style-clear\">\n\t<div class=\"container\">\n\t\t<header class=\"block__header\">\n\t\t\t<h2 class=\"block__title\">Noticias<\/h2>\n\t\t\t\t\t\t<a target=\"_blank\" rel=\"noreferer noopener\" href=\"https:\/\/educacion.udd.cl\/categoria\/actualidad\/\" class=\"block__view-more\">Ver m\u00e1s<\/a>\n\t\t\t\t\t<\/header>\n\t\t<div class=\"block__content\">\n\t\t\t<div class=\"fullwidth-cards\">\n\t\t\t\t\t\t\t<div class=\"fullwidth-card-wrapper is-style-clear\">\n\t\t\t\t\t<a href=\"https:\/\/educacion.udd.cl\/noticias\/2026\/04\/udd-y-unesco-firman-acuerdo-para-crear-el-primer-observatorio-de-inteligencia-artificial-y-educacion-para-america-latina-y-el-caribe\/\" class=\"fullwidth-card fullwidth-card--linkable\">\n\t\t\t\t\t\t<img class=\"fullwidth-card__image wp-post-image\" decoding=\"async\" loading=\"lazy\" width=\"500\" height=\"500\" src=\"https:\/\/educacion.udd.cl\/files\/2026\/04\/20260421_185025559_ios-500x500.jpg\" alt=\"\" srcset=\"https:\/\/educacion.udd.cl\/files\/2026\/04\/20260421_185025559_ios-150x150.jpg 150w, https:\/\/educacion.udd.cl\/files\/2026\/04\/20260421_185025559_ios-62x62.jpg 62w, https:\/\/educacion.udd.cl\/files\/2026\/04\/20260421_185025559_ios-750x750.jpg 750w, https:\/\/educacion.udd.cl\/files\/2026\/04\/20260421_185025559_ios-500x500.jpg 500w, https:\/\/educacion.udd.cl\/files\/2026\/04\/20260421_185025559_ios-250x250.jpg 250w, https:\/\/educacion.udd.cl\/files\/2026\/04\/20260421_185025559_ios-126x126.jpg 126w\" sizes=\"auto, (max-width: 500px) 100vw, 500px\" >\t\t\t\t\t\t<div class=\"fullwidth-card__content\">\n\t\t\t\t\t\t\t<span class=\"fullwidth-card__date\">22 de abril 2026<\/span>\n\t\t\t\t\t\t\t<h3 class=\"fullwidth-card__title\">UDD y UNESCO firman acuerdo para crear el primer Observatorio de Inteligencia Artificial y Educaci\u00f3n para Am\u00e9rica Latina y el Caribe<\/h3>\n\t\t\t\t\t\t\t<span class=\"fullwidth-card__link\">Conocer m\u00e1s<\/span>\n\t\t\t\t\t\t<\/div>\n\t\t\t\t\t<\/a>\n\t\t\t\t<\/div>\n\t\t\t\t\t\t\t<div class=\"fullwidth-card-wrapper is-style-clear\">\n\t\t\t\t\t<a href=\"https:\/\/educacion.udd.cl\/noticias\/2026\/04\/fundacion-parque-tricao-relanza-aula-tricao-con-nuevo-modelo-de-aprendizaje-desarrollado-junto-a-educacion-udd\/\" class=\"fullwidth-card fullwidth-card--linkable\">\n\t\t\t\t\t\t<img class=\"fullwidth-card__image wp-post-image\" decoding=\"async\" loading=\"lazy\" width=\"500\" height=\"500\" src=\"https:\/\/educacion.udd.cl\/files\/2026\/04\/20260420_131001530_ios-500x500.jpg\" alt=\"\" srcset=\"https:\/\/educacion.udd.cl\/files\/2026\/04\/20260420_131001530_ios-150x150.jpg 150w, https:\/\/educacion.udd.cl\/files\/2026\/04\/20260420_131001530_ios-62x62.jpg 62w, https:\/\/educacion.udd.cl\/files\/2026\/04\/20260420_131001530_ios-750x750.jpg 750w, https:\/\/educacion.udd.cl\/files\/2026\/04\/20260420_131001530_ios-500x500.jpg 500w, https:\/\/educacion.udd.cl\/files\/2026\/04\/20260420_131001530_ios-250x250.jpg 250w, https:\/\/educacion.udd.cl\/files\/2026\/04\/20260420_131001530_ios-126x126.jpg 126w\" sizes=\"auto, (max-width: 500px) 100vw, 500px\" >\t\t\t\t\t\t<div class=\"fullwidth-card__content\">\n\t\t\t\t\t\t\t<span class=\"fullwidth-card__date\">21 de abril 2026<\/span>\n\t\t\t\t\t\t\t<h3 class=\"fullwidth-card__title\">Fundaci\u00f3n Parque Tricao relanza Aula Tricao con nuevo modelo de aprendizaje desarrollado junto a Educaci\u00f3n UDD<\/h3>\n\t\t\t\t\t\t\t<span class=\"fullwidth-card__link\">Conocer m\u00e1s<\/span>\n\t\t\t\t\t\t<\/div>\n\t\t\t\t\t<\/a>\n\t\t\t\t<\/div>\n\t\t\t\t\t\t\t<div class=\"fullwidth-card-wrapper is-style-clear\">\n\t\t\t\t\t<a href=\"https:\/\/educacion.udd.cl\/noticias\/2026\/04\/educacion-udd-participa-en-el-lanzamiento-del-observatorio-regional-de-inteligencia-artificial-en-educacion-en-america-latina\/\" class=\"fullwidth-card fullwidth-card--linkable\">\n\t\t\t\t\t\t<img class=\"fullwidth-card__image wp-post-image\" decoding=\"async\" loading=\"lazy\" width=\"500\" height=\"500\" src=\"https:\/\/educacion.udd.cl\/files\/2026\/04\/20260414_163746015_ios-500x500.jpg\" alt=\"\" srcset=\"https:\/\/educacion.udd.cl\/files\/2026\/04\/20260414_163746015_ios-150x150.jpg 150w, https:\/\/educacion.udd.cl\/files\/2026\/04\/20260414_163746015_ios-62x62.jpg 62w, https:\/\/educacion.udd.cl\/files\/2026\/04\/20260414_163746015_ios-750x750.jpg 750w, https:\/\/educacion.udd.cl\/files\/2026\/04\/20260414_163746015_ios-500x500.jpg 500w, https:\/\/educacion.udd.cl\/files\/2026\/04\/20260414_163746015_ios-250x250.jpg 250w, https:\/\/educacion.udd.cl\/files\/2026\/04\/20260414_163746015_ios-126x126.jpg 126w\" sizes=\"auto, (max-width: 500px) 100vw, 500px\" >\t\t\t\t\t\t<div class=\"fullwidth-card__content\">\n\t\t\t\t\t\t\t<span class=\"fullwidth-card__date\">14 de abril 2026<\/span>\n\t\t\t\t\t\t\t<h3 class=\"fullwidth-card__title\">Educaci\u00f3n UDD participa en el lanzamiento del Observatorio Regional de Inteligencia Artificial en Educaci\u00f3n en Am\u00e9rica Latina<\/h3>\n\t\t\t\t\t\t\t<span class=\"fullwidth-card__link\">Conocer m\u00e1s<\/span>\n\t\t\t\t\t\t<\/div>\n\t\t\t\t\t<\/a>\n\t\t\t\t<\/div>\n\t\t\t\t\t\t\t<div class=\"fullwidth-card-wrapper is-style-clear\">\n\t\t\t\t\t<a href=\"https:\/\/educacion.udd.cl\/noticias\/2026\/04\/investigador-de-cima-udd-presenta-estudio-sobre-la-rotacion-de-directores-escolares-en-aera-2026\/\" class=\"fullwidth-card fullwidth-card--linkable\">\n\t\t\t\t\t\t<img class=\"fullwidth-card__image wp-post-image\" decoding=\"async\" loading=\"lazy\" width=\"500\" height=\"500\" src=\"https:\/\/educacion.udd.cl\/files\/2026\/04\/whatsapp-image-2026-04-10-at-14-49-54-500x500.jpeg\" alt=\"\" srcset=\"https:\/\/educacion.udd.cl\/files\/2026\/04\/whatsapp-image-2026-04-10-at-14-49-54-150x150.jpeg 150w, https:\/\/educacion.udd.cl\/files\/2026\/04\/whatsapp-image-2026-04-10-at-14-49-54-62x62.jpeg 62w, https:\/\/educacion.udd.cl\/files\/2026\/04\/whatsapp-image-2026-04-10-at-14-49-54-750x750.jpeg 750w, https:\/\/educacion.udd.cl\/files\/2026\/04\/whatsapp-image-2026-04-10-at-14-49-54-500x500.jpeg 500w, https:\/\/educacion.udd.cl\/files\/2026\/04\/whatsapp-image-2026-04-10-at-14-49-54-250x250.jpeg 250w, https:\/\/educacion.udd.cl\/files\/2026\/04\/whatsapp-image-2026-04-10-at-14-49-54-126x126.jpeg 126w\" sizes=\"auto, (max-width: 500px) 100vw, 500px\" >\t\t\t\t\t\t<div class=\"fullwidth-card__content\">\n\t\t\t\t\t\t\t<span class=\"fullwidth-card__date\">13 de abril 2026<\/span>\n\t\t\t\t\t\t\t<h3 class=\"fullwidth-card__title\">Investigador de CIMA UDD presenta estudio sobre la rotaci\u00f3n de directores escolares en AERA 2026<\/h3>\n\t\t\t\t\t\t\t<span class=\"fullwidth-card__link\">Conocer m\u00e1s<\/span>\n\t\t\t\t\t\t<\/div>\n\t\t\t\t\t<\/a>\n\t\t\t\t<\/div>\n\t\t\t\t\t\t\t<div class=\"fullwidth-card-wrapper is-style-clear\">\n\t\t\t\t\t<a href=\"https:\/\/educacion.udd.cl\/noticias\/2026\/04\/el-libro-lo-pase-mal-y-no-aprendi-nada-obtiene-el-primer-lugar-del-premio-medalla-maria-luisa-silva-2026\/\" class=\"fullwidth-card fullwidth-card--linkable\">\n\t\t\t\t\t\t<img class=\"fullwidth-card__image wp-post-image\" decoding=\"async\" loading=\"lazy\" width=\"150\" height=\"150\" src=\"https:\/\/educacion.udd.cl\/files\/2026\/04\/portadaganadoresmlsiv-150x150.jpg\" alt=\"\" srcset=\"https:\/\/educacion.udd.cl\/files\/2026\/04\/portadaganadoresmlsiv-150x150.jpg 150w, https:\/\/educacion.udd.cl\/files\/2026\/04\/portadaganadoresmlsiv-62x62.jpg 62w, https:\/\/educacion.udd.cl\/files\/2026\/04\/portadaganadoresmlsiv-126x126.jpg 126w\" sizes=\"auto, (max-width: 500px) 100vw, 500px\" >\t\t\t\t\t\t<div class=\"fullwidth-card__content\">\n\t\t\t\t\t\t\t<span class=\"fullwidth-card__date\">10 de abril 2026<\/span>\n\t\t\t\t\t\t\t<h3 class=\"fullwidth-card__title\">El libro \u201cLo pas\u00e9 mal y no aprend\u00ed nada\u201d obtiene el primer lugar del Premio Medalla Mar\u00eda Luisa Silva 2026<\/h3>\n\t\t\t\t\t\t\t<span class=\"fullwidth-card__link\">Conocer m\u00e1s<\/span>\n\t\t\t\t\t\t<\/div>\n\t\t\t\t\t<\/a>\n\t\t\t\t<\/div>\n\t\t\t\t\t\t<\/div>\n\t\t<\/div>\n\t<\/div>\n<\/section>\n\n","protected":false},"excerpt":{"rendered":"<p>Lorem ipsum dolor sit amet, consectetuer adipiscing elit, sed diam nonummy nibh euismod tincidunt ut laoreet dolore magna aliquam erat volutpat. Ut wisi enim ad minim veniam, quis nostrud exerci tation ullamcorper suscipit lobortis nisl ut aliquip ex ea commodo consequat. Duis autem vel eum iriure dolor in hendrerit in vulputate velit esse molestie consequat, vel illum dolore eu feugiat nulla facilisis at vero eros et accumsan et iusto odio dignissim qui blandit praesent luptatum zzril delenit augue duis dolore te feugait nulla facilisi.<br \/>\nLorem ipsum dolor sit amet, cons ectetuer adipiscing elit, sed diam nonummy nibh euismod tincidunt ut laoreet dolore magna aliquam erat volutpat. Ut wisi enim ad minim veniam, quis nostrud exerci tation ullamcorper suscipit lobortis nisl ut aliquip ex ea commodo consequat.<br \/>\nLorem ipsum dolor sit amet, con<\/p>\n","protected":false},"author":9192215,"featured_media":175,"parent":0,"menu_order":0,"comment_status":"closed","ping_status":"closed","template":"","meta":{"footnotes":""},"class_list":["post-71","page","type-page","status-publish","has-post-thumbnail","hentry"],"yoast_head":"<!-- This site is optimized with the Yoast SEO plugin v26.9 - https:\/\/yoast.com\/product\/yoast-seo-wordpress\/ -->\n<title>inicio - Aprendizaje 180<\/title>\n<meta name=\"robots\" content=\"index, follow, max-snippet:-1, max-image-preview:large, max-video-preview:-1\" \/>\n<link rel=\"canonical\" href=\"https:\/\/educacion.udd.cl\/aprendizaje180\/\" \/>\n<meta property=\"og:locale\" content=\"es_ES\" \/>\n<meta property=\"og:type\" content=\"article\" \/>\n<meta property=\"og:title\" content=\"inicio - Aprendizaje 180\" \/>\n<meta property=\"og:description\" content=\"Lorem ipsum dolor sit amet, consectetuer adipiscing elit, sed diam nonummy nibh euismod tincidunt ut laoreet dolore magna aliquam erat volutpat. Ut wisi enim ad minim veniam, quis nostrud exerci tation ullamcorper suscipit lobortis nisl ut aliquip ex ea commodo consequat. Duis autem vel eum iriure dolor in hendrerit in vulputate velit esse molestie consequat, vel illum dolore eu feugiat nulla facilisis at vero eros et accumsan et iusto odio dignissim qui blandit praesent luptatum zzril delenit augue duis dolore te feugait nulla facilisi. Lorem ipsum dolor sit amet, cons ectetuer adipiscing elit, sed diam nonummy nibh euismod tincidunt ut laoreet dolore magna aliquam erat volutpat. Ut wisi enim ad minim veniam, quis nostrud exerci tation ullamcorper suscipit lobortis nisl ut aliquip ex ea commodo consequat. Lorem ipsum dolor sit amet, con\" \/>\n<meta property=\"og:url\" content=\"https:\/\/educacion.udd.cl\/aprendizaje180\/\" \/>\n<meta property=\"og:site_name\" content=\"Aprendizaje 180\" \/>\n<meta property=\"article:modified_time\" content=\"2026-02-25T19:34:38+00:00\" \/>\n<meta property=\"og:image\" content=\"http:\/\/educacion.udd.cl\/aprendizaje180\/files\/2020\/11\/Header-ppal.jpg\" \/>\n\t<meta property=\"og:image:width\" content=\"1440\" \/>\n\t<meta property=\"og:image:height\" content=\"711\" \/>\n\t<meta property=\"og:image:type\" content=\"image\/jpeg\" \/>\n<meta name=\"twitter:card\" content=\"summary_large_image\" \/>\n<meta name=\"twitter:label1\" content=\"Tiempo de lectura\" \/>\n\t<meta name=\"twitter:data1\" content=\"1 minuto\" \/>\n<script type=\"application\/ld+json\" class=\"yoast-schema-graph\">{\"@context\":\"https:\/\/schema.org\",\"@graph\":[{\"@type\":\"WebPage\",\"@id\":\"https:\/\/educacion.udd.cl\/aprendizaje180\/\",\"url\":\"https:\/\/educacion.udd.cl\/aprendizaje180\/\",\"name\":\"inicio - Aprendizaje 180\",\"isPartOf\":{\"@id\":\"https:\/\/educacion.udd.cl\/aprendizaje180\/#website\"},\"primaryImageOfPage\":{\"@id\":\"https:\/\/educacion.udd.cl\/aprendizaje180\/#primaryimage\"},\"image\":{\"@id\":\"https:\/\/educacion.udd.cl\/aprendizaje180\/#primaryimage\"},\"thumbnailUrl\":\"https:\/\/educacion.udd.cl\/aprendizaje180\/files\/2020\/11\/Header-ppal.jpg\",\"datePublished\":\"2020-11-26T03:21:02+00:00\",\"dateModified\":\"2026-02-25T19:34:38+00:00\",\"breadcrumb\":{\"@id\":\"https:\/\/educacion.udd.cl\/aprendizaje180\/#breadcrumb\"},\"inLanguage\":\"es\",\"potentialAction\":[{\"@type\":\"ReadAction\",\"target\":[\"https:\/\/educacion.udd.cl\/aprendizaje180\/\"]}]},{\"@type\":\"ImageObject\",\"inLanguage\":\"es\",\"@id\":\"https:\/\/educacion.udd.cl\/aprendizaje180\/#primaryimage\",\"url\":\"https:\/\/educacion.udd.cl\/aprendizaje180\/files\/2020\/11\/Header-ppal.jpg\",\"contentUrl\":\"https:\/\/educacion.udd.cl\/aprendizaje180\/files\/2020\/11\/Header-ppal.jpg\",\"width\":1440,\"height\":711},{\"@type\":\"BreadcrumbList\",\"@id\":\"https:\/\/educacion.udd.cl\/aprendizaje180\/#breadcrumb\",\"itemListElement\":[{\"@type\":\"ListItem\",\"position\":1,\"name\":\"Portada\",\"item\":\"https:\/\/educacion.udd.cl\/aprendizaje180\/\"},{\"@type\":\"ListItem\",\"position\":2,\"name\":\"inicio\"}]},{\"@type\":\"WebSite\",\"@id\":\"https:\/\/educacion.udd.cl\/aprendizaje180\/#website\",\"url\":\"https:\/\/educacion.udd.cl\/aprendizaje180\/\",\"name\":\"Aprendizaje 180\",\"description\":\"Otro sitio m\u00e1s de Educacion\",\"inLanguage\":\"es\"}]}<\/script>\n<!-- \/ Yoast SEO plugin. -->","yoast_head_json":{"title":"inicio - Aprendizaje 180","robots":{"index":"index","follow":"follow","max-snippet":"max-snippet:-1","max-image-preview":"max-image-preview:large","max-video-preview":"max-video-preview:-1"},"canonical":"https:\/\/educacion.udd.cl\/aprendizaje180\/","og_locale":"es_ES","og_type":"article","og_title":"inicio - Aprendizaje 180","og_description":"Lorem ipsum dolor sit amet, consectetuer adipiscing elit, sed diam nonummy nibh euismod tincidunt ut laoreet dolore magna aliquam erat volutpat. Ut wisi enim ad minim veniam, quis nostrud exerci tation ullamcorper suscipit lobortis nisl ut aliquip ex ea commodo consequat. Duis autem vel eum iriure dolor in hendrerit in vulputate velit esse molestie consequat, vel illum dolore eu feugiat nulla facilisis at vero eros et accumsan et iusto odio dignissim qui blandit praesent luptatum zzril delenit augue duis dolore te feugait nulla facilisi. Lorem ipsum dolor sit amet, cons ectetuer adipiscing elit, sed diam nonummy nibh euismod tincidunt ut laoreet dolore magna aliquam erat volutpat. Ut wisi enim ad minim veniam, quis nostrud exerci tation ullamcorper suscipit lobortis nisl ut aliquip ex ea commodo consequat. Lorem ipsum dolor sit amet, con","og_url":"https:\/\/educacion.udd.cl\/aprendizaje180\/","og_site_name":"Aprendizaje 180","article_modified_time":"2026-02-25T19:34:38+00:00","og_image":[{"width":1440,"height":711,"url":"http:\/\/educacion.udd.cl\/aprendizaje180\/files\/2020\/11\/Header-ppal.jpg","type":"image\/jpeg"}],"twitter_card":"summary_large_image","twitter_misc":{"Tiempo de lectura":"1 minuto"},"schema":{"@context":"https:\/\/schema.org","@graph":[{"@type":"WebPage","@id":"https:\/\/educacion.udd.cl\/aprendizaje180\/","url":"https:\/\/educacion.udd.cl\/aprendizaje180\/","name":"inicio - Aprendizaje 180","isPartOf":{"@id":"https:\/\/educacion.udd.cl\/aprendizaje180\/#website"},"primaryImageOfPage":{"@id":"https:\/\/educacion.udd.cl\/aprendizaje180\/#primaryimage"},"image":{"@id":"https:\/\/educacion.udd.cl\/aprendizaje180\/#primaryimage"},"thumbnailUrl":"https:\/\/educacion.udd.cl\/aprendizaje180\/files\/2020\/11\/Header-ppal.jpg","datePublished":"2020-11-26T03:21:02+00:00","dateModified":"2026-02-25T19:34:38+00:00","breadcrumb":{"@id":"https:\/\/educacion.udd.cl\/aprendizaje180\/#breadcrumb"},"inLanguage":"es","potentialAction":[{"@type":"ReadAction","target":["https:\/\/educacion.udd.cl\/aprendizaje180\/"]}]},{"@type":"ImageObject","inLanguage":"es","@id":"https:\/\/educacion.udd.cl\/aprendizaje180\/#primaryimage","url":"https:\/\/educacion.udd.cl\/aprendizaje180\/files\/2020\/11\/Header-ppal.jpg","contentUrl":"https:\/\/educacion.udd.cl\/aprendizaje180\/files\/2020\/11\/Header-ppal.jpg","width":1440,"height":711},{"@type":"BreadcrumbList","@id":"https:\/\/educacion.udd.cl\/aprendizaje180\/#breadcrumb","itemListElement":[{"@type":"ListItem","position":1,"name":"Portada","item":"https:\/\/educacion.udd.cl\/aprendizaje180\/"},{"@type":"ListItem","position":2,"name":"inicio"}]},{"@type":"WebSite","@id":"https:\/\/educacion.udd.cl\/aprendizaje180\/#website","url":"https:\/\/educacion.udd.cl\/aprendizaje180\/","name":"Aprendizaje 180","description":"Otro sitio m\u00e1s de Educacion","inLanguage":"es"}]}},"_links":{"self":[{"href":"https:\/\/educacion.udd.cl\/aprendizaje180\/wp-json\/wp\/v2\/pages\/71","targetHints":{"allow":["GET"]}}],"collection":[{"href":"https:\/\/educacion.udd.cl\/aprendizaje180\/wp-json\/wp\/v2\/pages"}],"about":[{"href":"https:\/\/educacion.udd.cl\/aprendizaje180\/wp-json\/wp\/v2\/types\/page"}],"author":[{"embeddable":true,"href":"https:\/\/educacion.udd.cl\/aprendizaje180\/wp-json\/wp\/v2\/users\/9192215"}],"replies":[{"embeddable":true,"href":"https:\/\/educacion.udd.cl\/aprendizaje180\/wp-json\/wp\/v2\/comments?post=71"}],"version-history":[{"count":50,"href":"https:\/\/educacion.udd.cl\/aprendizaje180\/wp-json\/wp\/v2\/pages\/71\/revisions"}],"predecessor-version":[{"id":542,"href":"https:\/\/educacion.udd.cl\/aprendizaje180\/wp-json\/wp\/v2\/pages\/71\/revisions\/542"}],"wp:featuredmedia":[{"embeddable":true,"href":"https:\/\/educacion.udd.cl\/aprendizaje180\/wp-json\/wp\/v2\/media\/175"}],"wp:attachment":[{"href":"https:\/\/educacion.udd.cl\/aprendizaje180\/wp-json\/wp\/v2\/media?parent=71"}],"curies":[{"name":"wp","href":"https:\/\/api.w.org\/{rel}","templated":true}]}}